{"id":5352,"date":"2026-02-10T19:55:14","date_gmt":"2026-02-10T19:55:14","guid":{"rendered":"https:\/\/koellnadvogada.com\/?page_id=5352"},"modified":"2026-04-10T21:57:39","modified_gmt":"2026-04-10T21:57:39","slug":"direito-migratorio-e-imigracao","status":"publish","type":"page","link":"https:\/\/koellnadvogada.com\/de\/direito-migratorio-e-imigracao\/","title":{"rendered":"Einwanderungsrecht und Migration"},"content":{"rendered":"<div data-elementor-type=\"wp-page\" data-elementor-id=\"5352\" class=\"elementor elementor-5352\" data-elementor-post-type=\"page\">\n\t\t\t\t<div class=\"elementor-element elementor-element-316a714 e-flex e-con-boxed e-con e-parent\" data-id=\"316a714\" data-element_type=\"container\" data-e-type=\"container\">\n\t\t\t\t\t<div class=\"e-con-inner\">\n\t\t<div class=\"elementor-element elementor-element-e499bec e-con-full e-flex e-con e-child\" data-id=\"e499bec\" data-element_type=\"container\" data-e-type=\"container\">\n\t\t\t\t<div class=\"elementor-element elementor-element-dc7ebdd elementor-widget elementor-widget-image\" data-id=\"dc7ebdd\" data-element_type=\"widget\" data-e-type=\"widget\" data-widget_type=\"image.default\">\n\t\t\t\t\t\t\t\t\t\t\t\t\t\t\t<img decoding=\"async\" src=\"https:\/\/koellnadvogada.com\/wp-content\/uploads\/elementor\/thumbs\/mesa-de-trabalho-em-escritorio-de-advocacia-rlsv4iawloulcxdb5tiqxddqs882wqdb3etr8uu5r0.jpeg\" title=\"Schreibtisch in einer Anwaltskanzlei\" alt=\"Mesa de escrit\u00f3rio de advocacia com documentos jur\u00eddicos e lupa representando an\u00e1lise legal\" loading=\"lazy\" \/>\t\t\t\t\t\t\t\t\t\t\t\t\t\t\t<\/div>\n\t\t\t\t<div class=\"elementor-element elementor-element-ecb4681 elementor-widget elementor-widget-heading\" data-id=\"ecb4681\" data-element_type=\"widget\" data-e-type=\"widget\" data-widget_type=\"heading.default\">\n\t\t\t\t\t<h3 class=\"elementor-heading-title elementor-size-default\">Einwanderungsrecht und Migration<\/h3>\t\t\t\t<\/div>\n\t\t\r\n\t\t<div class=\"elementor-element elementor-element-fbb8d5f elementor-widget elementor-widget-text-editor\" data-id=\"fbb8d5f\" data-element_type=\"widget\" data-e-type=\"widget\" data-widget_type=\"text-editor.default\">\n\t\t\t\t\t\t\t\t\t<p class=\"p1\">Rechtsberatung spezialisiert auf Migrationsrecht, t\u00e4tig in Visaverfahren, Aufenthaltserlaubnissen, Familienzusammenf\u00fchrung, legaler Aufenthalt und Migrationsregulierung in Deutschland. Individuelle Beratung entsprechend dem Profil des Antragstellers, dem Zweck des Aufenthalts und den f\u00fcr jede Situation geltenden gesetzlichen Bestimmungen.<\/p><p class=\"p1\">Technische Pr\u00fcfung der Unterlagen, strategische Prozessvorbereitung und Begleitung bei den zust\u00e4ndigen Beh\u00f6rden, unter Ber\u00fccksichtigung der Besonderheiten jedes Falles und der administrativen Fristen. Pr\u00e4ventive Ma\u00dfnahmen zur Vermeidung von Ablehnungen, Dokumenteninkonsistenzen und Risiken f\u00fcr den legalen Aufenthalt im Land.<\/p><p class=\"p1\">Rechtliche Unterst\u00fctzung in Situationen, die \u00c4nderungen des Einwanderungsstatus, die Verl\u00e4ngerung von Genehmigungen, die Einb\u00fcrgerung und m\u00f6gliche Auswirkungen aus administrativen oder rechtlichen Angelegenheiten betreffen, wobei ein strukturierter Ansatz und Rechtssicherheit w\u00e4hrend des gesamten Verfahrens gew\u00e4hrleistet werden.<\/p>\t\t\t\t\t\t\t\t<\/div>\n\t\t\t\t<\/div>\n\t\t<div class=\"elementor-element elementor-element-26c65be e-con-full e-flex e-con e-child\" data-id=\"26c65be\" data-element_type=\"container\" data-e-type=\"container\">\n\t\t\t\t<div class=\"elementor-element elementor-element-fe162f6 elementor-widget elementor-widget-ensafcontactinfo\" data-id=\"fe162f6\" data-element_type=\"widget\" data-e-type=\"widget\" data-widget_type=\"ensafcontactinfo.default\">\n\t\t\t\t<div class=\"elementor-widget-container\">\n\t\t\t\t\t<div class=\"widget widget_call\"><div class=\"widget-call\"><h4 class=\"box-title\">Ben\u00f6tigen Sie Hilfe?<\/h4><p class=\"box_text\">Spezialisierte Rechtsberatung zur sicheren F\u00fchrung.<\/p><div class=\"widget_call\"><div class=\"info-box\"><div class=\"info-box_icon\"><i class=\"fa-brands fa-whatsapp\"><\/i><\/div><div><span class=\"info-box_subtitle\">Erz\u00e4hlen Sie uns:<\/span><p class=\"info-box_text\"><!-- WhatsApp -->\n<a href=\"https:\/\/wa.me\/4915566359635?text=Ol\u00e1,%20preciso%20de%20assessoria%20jur\u00eddica...\" target=\"_blank\" rel=\"noopener\">\n  WhatsApp\n<\/a>\n<\/p><\/div><\/div><div class=\"info-box\"><div class=\"info-box_icon\"><i class=\"fas fa-envelope\"><\/i><\/div><div><span class=\"info-box_subtitle\">E-Mail<\/span><p class=\"info-box_text\"><a href=\"mailto:info@koellnadvogada.com\" class=\"info-box_link\">info@koellnadvogada.com<\/a>\n<\/p><\/div><\/div><\/div><\/div><\/div>\t\t\t\t<\/div>\n\t\t\t\t<\/div>\n\t\t\t\t<div class=\"elementor-element elementor-element-f2d1225 elementor-hidden-mobile elementor-widget elementor-widget-ensafservicelist\" data-id=\"f2d1225\" data-element_type=\"widget\" data-e-type=\"widget\" data-widget_type=\"ensafservicelist.default\">\n\t\t\t\t<div class=\"elementor-widget-container\">\n\t\t\t\t\t<div class=\"widget widget_categories\"><h3 class=\"widget_title\">T\u00e4tigkeitsbereiche<\/h3><ul><li><a href=\"https:\/\/koellnadvogada.com\/de\/cidadania\/\">Staatsb\u00fcrgerschaft<\/a><span><i class=\"fa-sharp fa-light fa-arrow-right\"><\/i><\/span><\/li><li><a href=\"https:\/\/koellnadvogada.com\/de\/direito-de-familia-internacional\/\">Internationales Familienrecht<\/a><span><i class=\"fa-sharp fa-light fa-arrow-right\"><\/i><\/span><\/li><li><a href=\"https:\/\/koellnadvogada.com\/de\/direito-civil\/\">Zivilrecht<\/a><span><i class=\"fa-sharp fa-light fa-arrow-right\"><\/i><\/span><\/li><li><a href=\"https:\/\/koellnadvogada.com\/de\/direito-sucessorio-e-herancas\/\">Erbrecht und Erbschaften<\/a><span><i class=\"fa-sharp fa-light fa-arrow-right\"><\/i><\/span><\/li><li><a href=\"https:\/\/koellnadvogada.com\/de\/reconhecimento-de-decisoes-estrangeiras\/\">Anerkennung ausl\u00e4ndischer Entscheidungen<\/a><span><i class=\"fa-sharp fa-light fa-arrow-right\"><\/i><\/span><\/li><li><a href=\"https:\/\/koellnadvogada.com\/de\/direito-penal\/\">Strafrecht<\/a><span><i class=\"fa-sharp fa-light fa-arrow-right\"><\/i><\/span><\/li><\/ul><\/div>\t\t\t\t<\/div>\n\t\t\t\t<\/div>\n\t\t\t\t<\/div>\n\t\t\t\t\t<\/div>\n\t\t\t\t<\/div>\n\t\t<div class=\"elementor-element elementor-element-06a5618 e-flex e-con-boxed e-con e-parent\" data-id=\"06a5618\" data-element_type=\"container\" data-e-type=\"container\">\n\t\t\t\t\t<div class=\"e-con-inner\">\n\t\t\t\t<div class=\"elementor-element elementor-element-1093dda elementor-widget elementor-widget-heading\" data-id=\"1093dda\" data-element_type=\"widget\" data-e-type=\"widget\" data-widget_type=\"heading.default\">\n\t\t\t\t\t<h4 class=\"elementor-heading-title elementor-size-default\">H\u00e4ufig gestellte Fragen<\/h4>\t\t\t\t<\/div>\n\t\t\t\t<div class=\"elementor-element elementor-element-98e5392 elementor-widget elementor-widget-n-accordion\" data-id=\"98e5392\" data-element_type=\"widget\" data-e-type=\"widget\" data-settings=\"{&quot;default_state&quot;:&quot;all_collapsed&quot;,&quot;max_items_expended&quot;:&quot;one&quot;,&quot;n_accordion_animation_duration&quot;:{&quot;unit&quot;:&quot;ms&quot;,&quot;size&quot;:400,&quot;sizes&quot;:[]}}\" data-widget_type=\"nested-accordion.default\">\n\t\t\t\t\t\t\t<div class=\"e-n-accordion\" aria-label=\"Akkordeon. Links mit Enter oder Leertaste \u00f6ffnen, mit Escape schlie\u00dfen und mit den Pfeiltasten navigieren\">\n\t\t\t\t\t\t<details id=\"e-n-accordion-item-1600\" class=\"e-n-accordion-item\" >\n\t\t\t\t<summary class=\"e-n-accordion-item-title\" data-accordion-index=\"1\" tabindex=\"0\" aria-expanded=\"false\" aria-controls=\"e-n-accordion-item-1600\" >\n\t\t\t\t\t<span class='e-n-accordion-item-title-header'><div class=\"e-n-accordion-item-title-text\"> Welche Visa gibt es f\u00fcr die Arbeit in Deutschland? <\/div><\/span>\n\t\t\t\t\t\t\t<span class='e-n-accordion-item-title-icon'>\n\t\t\t<span class='e-opened' ><i aria-hidden=\"true\" class=\"fas fa-minus\"><\/i><\/span>\n\t\t\t<span class='e-closed'><i aria-hidden=\"true\" class=\"fas fa-plus\"><\/i><\/span>\n\t\t<\/span>\n\n\t\t\t\t\t\t<\/summary>\n\t\t\t\t<div role=\"region\" aria-labelledby=\"e-n-accordion-item-1600\" class=\"elementor-element elementor-element-93c1ac2 e-con-full e-flex e-con e-child\" data-id=\"93c1ac2\" data-element_type=\"container\" data-e-type=\"container\">\n\t\t\t\t<div class=\"elementor-element elementor-element-4eccb8a elementor-widget elementor-widget-text-editor\" data-id=\"4eccb8a\" data-element_type=\"widget\" data-e-type=\"widget\" data-widget_type=\"text-editor.default\">\n\t\t\t\t\t\t\t\t\t<p>Die wichtigsten Arbeitsvisa f\u00fcr Deutschland umfassen: die Blaue Karte EU (f\u00fcr qualifizierte Fachkr\u00e4fte mit Hochschulabschluss und einem Mindestgehalt von 45.300 \u20ac brutto\/Jahr in 2024), das qualifizierte Arbeitsvisum (\u00a718a AufenthG), die Chancenkarte (neu seit Juni 2024, basierend auf einem Punktesystem) und das Visum f\u00fcr Selbstst\u00e4ndige (\u00a721 AufenthG) f\u00fcr Unternehmer und Freiberufler. Jede Art hat spezifische Anforderungen an Qualifikation, Sprache und finanzielle Nachweise.<\/p>\t\t\t\t\t\t\t\t<\/div>\n\t\t\t\t<\/div>\n\t\t\t\t\t<\/details>\n\t\t\t\t\t\t<details id=\"e-n-accordion-item-1601\" class=\"e-n-accordion-item\" >\n\t\t\t\t<summary class=\"e-n-accordion-item-title\" data-accordion-index=\"2\" tabindex=\"-1\" aria-expanded=\"false\" aria-controls=\"e-n-accordion-item-1601\" >\n\t\t\t\t\t<span class='e-n-accordion-item-title-header'><div class=\"e-n-accordion-item-title-text\"> Wie bringe ich meine Familie nach Deutschland? <\/div><\/span>\n\t\t\t\t\t\t\t<span class='e-n-accordion-item-title-icon'>\n\t\t\t<span class='e-opened' ><i aria-hidden=\"true\" class=\"fas fa-minus\"><\/i><\/span>\n\t\t\t<span class='e-closed'><i aria-hidden=\"true\" class=\"fas fa-plus\"><\/i><\/span>\n\t\t<\/span>\n\n\t\t\t\t\t\t<\/summary>\n\t\t\t\t<div role=\"region\" aria-labelledby=\"e-n-accordion-item-1601\" class=\"elementor-element elementor-element-d4b6350 e-con-full e-flex e-con e-child\" data-id=\"d4b6350\" data-element_type=\"container\" data-e-type=\"container\">\n\t\t\t\t<div class=\"elementor-element elementor-element-706ee7d elementor-widget elementor-widget-text-editor\" data-id=\"706ee7d\" data-element_type=\"widget\" data-e-type=\"widget\" data-widget_type=\"text-editor.default\">\n\t\t\t\t\t\t\t\t\t<p>Der Familiennachzug erm\u00f6glicht es Ehepartnern und minderj\u00e4hrigen Kindern unter 18 Jahren, zu Personen, die bereits legal in Deutschland leben, nachzuziehen. Voraussetzungen sind unter anderem: Nachweis einer angemessenen Wohnraumgr\u00f6\u00dfe, ausreichendes Einkommen, Krankenversicherung und f\u00fcr Ehepartner Grundkenntnisse der deutschen Sprache (Niveau A1). Das Verfahren beginnt mit dem Visumsantrag beim deutschen Konsulat im Herkunftsland des Familienmitglieds.<\/p>\t\t\t\t\t\t\t\t<\/div>\n\t\t\t\t<\/div>\n\t\t\t\t\t<\/details>\n\t\t\t\t\t\t<details id=\"e-n-accordion-item-1602\" class=\"e-n-accordion-item\" >\n\t\t\t\t<summary class=\"e-n-accordion-item-title\" data-accordion-index=\"3\" tabindex=\"-1\" aria-expanded=\"false\" aria-controls=\"e-n-accordion-item-1602\" >\n\t\t\t\t\t<span class='e-n-accordion-item-title-header'><div class=\"e-n-accordion-item-title-text\"> Was ist das Investorenvisum f\u00fcr Deutschland? <\/div><\/span>\n\t\t\t\t\t\t\t<span class='e-n-accordion-item-title-icon'>\n\t\t\t<span class='e-opened' ><i aria-hidden=\"true\" class=\"fas fa-minus\"><\/i><\/span>\n\t\t\t<span class='e-closed'><i aria-hidden=\"true\" class=\"fas fa-plus\"><\/i><\/span>\n\t\t<\/span>\n\n\t\t\t\t\t\t<\/summary>\n\t\t\t\t<div role=\"region\" aria-labelledby=\"e-n-accordion-item-1602\" class=\"elementor-element elementor-element-3521d2d e-con-full e-flex e-con e-child\" data-id=\"3521d2d\" data-element_type=\"container\" data-e-type=\"container\">\n\t\t\t\t<div class=\"elementor-element elementor-element-8af2738 elementor-widget elementor-widget-text-editor\" data-id=\"8af2738\" data-element_type=\"widget\" data-e-type=\"widget\" data-widget_type=\"text-editor.default\">\n\t\t\t\t\t\t\t\t\t<p>Die Aufenthaltserlaubnis zur selbstst\u00e4ndigen T\u00e4tigkeit (\u00a721 AufenthG) erm\u00f6glicht ausl\u00e4ndischen Unternehmern und Investoren, sich in Deutschland niederzulassen, um ein Unternehmen zu f\u00fchren. Es gibt keinen festen Mindestinvestitionsbetrag, aber es muss wirtschaftliche Tragf\u00e4higkeit, positive Auswirkungen auf die lokale Wirtschaft und eine gesicherte Finanzierung nachgewiesen werden. Der Gesch\u00e4ftsplan wird von der Industrie- und Handelskammer (IHK) und der Ausl\u00e4nderbeh\u00f6rde gepr\u00fcft.<\/p>\t\t\t\t\t\t\t\t<\/div>\n\t\t\t\t<\/div>\n\t\t\t\t\t<\/details>\n\t\t\t\t\t\t<details id=\"e-n-accordion-item-1603\" class=\"e-n-accordion-item\" >\n\t\t\t\t<summary class=\"e-n-accordion-item-title\" data-accordion-index=\"4\" tabindex=\"-1\" aria-expanded=\"false\" aria-controls=\"e-n-accordion-item-1603\" >\n\t\t\t\t\t<span class='e-n-accordion-item-title-header'><div class=\"e-n-accordion-item-title-text\"> Mein Visum wurde in Deutschland abgelehnt. Was kann ich tun? <\/div><\/span>\n\t\t\t\t\t\t\t<span class='e-n-accordion-item-title-icon'>\n\t\t\t<span class='e-opened' ><i aria-hidden=\"true\" class=\"fas fa-minus\"><\/i><\/span>\n\t\t\t<span class='e-closed'><i aria-hidden=\"true\" class=\"fas fa-plus\"><\/i><\/span>\n\t\t<\/span>\n\n\t\t\t\t\t\t<\/summary>\n\t\t\t\t<div role=\"region\" aria-labelledby=\"e-n-accordion-item-1603\" class=\"elementor-element elementor-element-a8c18f4 e-con-full e-flex e-con e-child\" data-id=\"a8c18f4\" data-element_type=\"container\" data-e-type=\"container\">\n\t\t\t\t<div class=\"elementor-element elementor-element-856a42e elementor-widget elementor-widget-text-editor\" data-id=\"856a42e\" data-element_type=\"widget\" data-e-type=\"widget\" data-widget_type=\"text-editor.default\">\n\t\t\t\t\t\t\t\t\t<p>Die Ablehnung eines Visums kann angefochten werden. Der erste Schritt ist die Pr\u00fcfung der formellen Ablehnungsgr\u00fcnde (die schriftlich mitgeteilt werden m\u00fcssen). Je nach Fall kann eine Remonstration bei der zust\u00e4ndigen Beh\u00f6rde oder eine Klage vor dem Verwaltungsgericht eingereicht werden. Die Fristen sind kurz \u2013 in der Regel 1 Monat f\u00fcr eine Remonstration \u2013, daher ist schnelles Handeln mit Rechtsberatung unerl\u00e4sslich.<\/p>\t\t\t\t\t\t\t\t<\/div>\n\t\t\t\t<\/div>\n\t\t\t\t\t<\/details>\n\t\t\t\t\t\t<details id=\"e-n-accordion-item-1604\" class=\"e-n-accordion-item\" >\n\t\t\t\t<summary class=\"e-n-accordion-item-title\" data-accordion-index=\"5\" tabindex=\"-1\" aria-expanded=\"false\" aria-controls=\"e-n-accordion-item-1604\" >\n\t\t\t\t\t<span class='e-n-accordion-item-title-header'><div class=\"e-n-accordion-item-title-text\"> Was ist der Unterschied zwischen befristeter und unbefristeter Aufenthaltsgenehmigung in Deutschland? <\/div><\/span>\n\t\t\t\t\t\t\t<span class='e-n-accordion-item-title-icon'>\n\t\t\t<span class='e-opened' ><i aria-hidden=\"true\" class=\"fas fa-minus\"><\/i><\/span>\n\t\t\t<span class='e-closed'><i aria-hidden=\"true\" class=\"fas fa-plus\"><\/i><\/span>\n\t\t<\/span>\n\n\t\t\t\t\t\t<\/summary>\n\t\t\t\t<div role=\"region\" aria-labelledby=\"e-n-accordion-item-1604\" class=\"elementor-element elementor-element-c652706 e-con-full e-flex e-con e-child\" data-id=\"c652706\" data-element_type=\"container\" data-e-type=\"container\">\n\t\t\t\t<div class=\"elementor-element elementor-element-5e0b79b elementor-widget elementor-widget-text-editor\" data-id=\"5e0b79b\" data-element_type=\"widget\" data-e-type=\"widget\" data-widget_type=\"text-editor.default\">\n\t\t\t\t\t\t\t\t\t<p>Die Aufenthaltserlaubnis ist an einen bestimmten Aufenthaltszweck gebunden (Arbeit, Studium, Familie) und befristet. Die Niederlassungserlaubnis ist unbefristet und kann nach 5 Jahren rechtm\u00e4\u00dfigem Aufenthalt, mit stabiler Anstellung, Rentenbeitr\u00e4gen und Deutschkenntnissen auf B1-Niveau beantragt werden. Inhaber einer Blauen Karte EU k\u00f6nnen eine Niederlassungserlaubnis bereits nach 21 Monaten mit B1-Deutschkenntnissen erhalten.<\/p>\t\t\t\t\t\t\t\t<\/div>\n\t\t\t\t<\/div>\n\t\t\t\t\t<\/details>\n\t\t\t\t\t<\/div>\n\t\t\t\t\t\t<\/div>\n\t\t\t\t\t<\/div>\n\t\t\t\t<\/div>\n\t\t\t\t<\/div>","protected":false},"excerpt":{"rendered":"<p>Direito Migrat\u00f3rio e Imigra\u00e7\u00e3o Assessoria jur\u00eddica especializada em Direito Migrat\u00f3rio, com atua\u00e7\u00e3o em processos de visto, autoriza\u00e7\u00e3o de resid\u00eancia, reagrupamento familiar, perman\u00eancia legal e regulariza\u00e7\u00e3o migrat\u00f3ria na Alemanha. Orienta\u00e7\u00e3o individualizada conforme o perfil do requerente, finalidade da resid\u00eancia e exig\u00eancias legais aplic\u00e1veis a cada situa\u00e7\u00e3o. An\u00e1lise t\u00e9cnica da documenta\u00e7\u00e3o, prepara\u00e7\u00e3o estrat\u00e9gica do processo e acompanhamento&#8230;<\/p>","protected":false},"author":1,"featured_media":0,"parent":0,"menu_order":0,"comment_status":"closed","ping_status":"closed","template":"","meta":{"footnotes":""},"class_list":["post-5352","page","type-page","status-publish","hentry"],"_links":{"self":[{"href":"https:\/\/koellnadvogada.com\/de\/wp-json\/wp\/v2\/pages\/5352","targetHints":{"allow":["GET"]}}],"collection":[{"href":"https:\/\/koellnadvogada.com\/de\/wp-json\/wp\/v2\/pages"}],"about":[{"href":"https:\/\/koellnadvogada.com\/de\/wp-json\/wp\/v2\/types\/page"}],"author":[{"embeddable":true,"href":"https:\/\/koellnadvogada.com\/de\/wp-json\/wp\/v2\/users\/1"}],"replies":[{"embeddable":true,"href":"https:\/\/koellnadvogada.com\/de\/wp-json\/wp\/v2\/comments?post=5352"}],"version-history":[{"count":40,"href":"https:\/\/koellnadvogada.com\/de\/wp-json\/wp\/v2\/pages\/5352\/revisions"}],"predecessor-version":[{"id":7451,"href":"https:\/\/koellnadvogada.com\/de\/wp-json\/wp\/v2\/pages\/5352\/revisions\/7451"}],"wp:attachment":[{"href":"https:\/\/koellnadvogada.com\/de\/wp-json\/wp\/v2\/media?parent=5352"}],"curies":[{"name":"wp","href":"https:\/\/api.w.org\/{rel}","templated":true}]}}