{"id":5343,"date":"2026-02-10T19:53:28","date_gmt":"2026-02-10T19:53:28","guid":{"rendered":"https:\/\/koellnadvogada.com\/?page_id=5343"},"modified":"2026-04-10T21:57:51","modified_gmt":"2026-04-10T21:57:51","slug":"direito-penal","status":"publish","type":"page","link":"https:\/\/koellnadvogada.com\/de\/direito-penal\/","title":{"rendered":"Strafrecht"},"content":{"rendered":"<div data-elementor-type=\"wp-page\" data-elementor-id=\"5343\" class=\"elementor elementor-5343\" data-elementor-post-type=\"page\">\n\t\t\t\t<div class=\"elementor-element elementor-element-065c9e9 e-flex e-con-boxed e-con e-parent\" data-id=\"065c9e9\" data-element_type=\"container\" data-e-type=\"container\">\n\t\t\t\t\t<div class=\"e-con-inner\">\n\t\t<div class=\"elementor-element elementor-element-c68211a e-con-full e-flex e-con e-child\" data-id=\"c68211a\" data-element_type=\"container\" data-e-type=\"container\">\n\t\t\t\t<div class=\"elementor-element elementor-element-d1527bf elementor-widget elementor-widget-image\" data-id=\"d1527bf\" data-element_type=\"widget\" data-e-type=\"widget\" data-widget_type=\"image.default\">\n\t\t\t\t\t\t\t\t\t\t\t\t\t\t\t<img decoding=\"async\" src=\"https:\/\/koellnadvogada.com\/wp-content\/uploads\/elementor\/thumbs\/direito-penal-alemanha-rif013ql237ilx9f0mo0eu3bj6mqz10hbv8ogq6f4u.png\" title=\"Strafrecht Deutschland\" alt=\"Assessoria jur\u00eddica direito penal Alemanha estrangeiros\" loading=\"lazy\" \/>\t\t\t\t\t\t\t\t\t\t\t\t\t\t\t<\/div>\n\t\t\t\t<div class=\"elementor-element elementor-element-536df09 elementor-widget elementor-widget-heading\" data-id=\"536df09\" data-element_type=\"widget\" data-e-type=\"widget\" data-widget_type=\"heading.default\">\n\t\t\t\t\t<h3 class=\"elementor-heading-title elementor-size-default\">Strafrecht<\/h3>\t\t\t\t<\/div>\n\t\t\r\n\t\t<div class=\"elementor-element elementor-element-177c633 elementor-widget elementor-widget-text-editor\" data-id=\"177c633\" data-element_type=\"widget\" data-e-type=\"widget\" data-widget_type=\"text-editor.default\">\n\t\t\t\t\t\t\t\t\t<p class=\"p1\">Strategische Vertretung in Strafverteidigung und -begleitung, mit detaillierter Fallanalyse von der Ermittlungsphase bis zum Abschluss des Verfahrens. Vertretung bei Vernehmungen, Anh\u00f6rungen, vorsorglichen Ma\u00dfnahmen und anderen prozessualen Handlungen, stets mit Fokus auf den umfassenden Schutz der Rechte des Mandanten.<\/p><p class=\"p1\">Besondere Aufmerksamkeit gilt F\u00e4llen mit Migrationsauswirkungen, unter Ber\u00fccksichtigung m\u00f6glicher Auswirkungen auf Visabestimmungen, Aufenthaltstitel, Einb\u00fcrgerung und den Verbleib im Land. Rechtsberatung in Situationen, die internationale Elemente beinhalten, um einen koordinierten und auf die transnationalen Implikationen des Falls abgestimmten Ansatz zu gew\u00e4hrleisten.<\/p><p class=\"p1\">Pr\u00e4ventive Beratung, Festlegung von Verteidigungsstrategien und engmaschige Begleitung in allen Phasen des Strafverfahrens, mit technischem, vertraulichem und verpflichtetem Vorgehen zur Wahrung des Ansehens und der Rechtssicherheit des Mandanten.<\/p>\t\t\t\t\t\t\t\t<\/div>\n\t\t\t\t<\/div>\n\t\t<div class=\"elementor-element elementor-element-0cbfd56 e-con-full e-flex e-con e-child\" data-id=\"0cbfd56\" data-element_type=\"container\" data-e-type=\"container\">\n\t\t\t\t<div class=\"elementor-element elementor-element-bb14ca8 elementor-widget elementor-widget-ensafcontactinfo\" data-id=\"bb14ca8\" data-element_type=\"widget\" data-e-type=\"widget\" data-widget_type=\"ensafcontactinfo.default\">\n\t\t\t\t<div class=\"elementor-widget-container\">\n\t\t\t\t\t<div class=\"widget widget_call\"><div class=\"widget-call\"><h4 class=\"box-title\">Ben\u00f6tigen Sie Hilfe?<\/h4><p class=\"box_text\">Spezialisierte Rechtsberatung zur sicheren F\u00fchrung.<\/p><div class=\"widget_call\"><div class=\"info-box\"><div class=\"info-box_icon\"><i class=\"fa-brands fa-whatsapp\"><\/i><\/div><div><span class=\"info-box_subtitle\">Erz\u00e4hlen Sie uns:<\/span><p class=\"info-box_text\"><!-- WhatsApp -->\n<a href=\"https:\/\/wa.me\/4915566359635?text=Ol\u00e1,%20preciso%20de%20assessoria%20jur\u00eddica...\" target=\"_blank\" rel=\"noopener\">\n  WhatsApp\n<\/a>\n<\/p><\/div><\/div><div class=\"info-box\"><div class=\"info-box_icon\"><i class=\"fas fa-envelope\"><\/i><\/div><div><span class=\"info-box_subtitle\">E-Mail<\/span><p class=\"info-box_text\"><a href=\"mailto:info@koellnadvogada.com\" class=\"info-box_link\">info@koellnadvogada.com<\/a>\n<\/p><\/div><\/div><\/div><\/div><\/div>\t\t\t\t<\/div>\n\t\t\t\t<\/div>\n\t\t\t\t<div class=\"elementor-element elementor-element-b26d894 elementor-hidden-mobile elementor-widget elementor-widget-ensafservicelist\" data-id=\"b26d894\" data-element_type=\"widget\" data-e-type=\"widget\" data-widget_type=\"ensafservicelist.default\">\n\t\t\t\t<div class=\"elementor-widget-container\">\n\t\t\t\t\t<div class=\"widget widget_categories\"><h3 class=\"widget_title\">T\u00e4tigkeitsbereiche<\/h3><ul><li><a href=\"https:\/\/koellnadvogada.com\/de\/cidadania\/\">Staatsb\u00fcrgerschaft<\/a><span><i class=\"fa-sharp fa-light fa-arrow-right\"><\/i><\/span><\/li><li><a href=\"https:\/\/koellnadvogada.com\/de\/direito-de-familia-internacional\/\">Internationales Familienrecht<\/a><span><i class=\"fa-sharp fa-light fa-arrow-right\"><\/i><\/span><\/li><li><a href=\"https:\/\/koellnadvogada.com\/de\/direito-civil\/\">Zivilrecht<\/a><span><i class=\"fa-sharp fa-light fa-arrow-right\"><\/i><\/span><\/li><li><a href=\"https:\/\/koellnadvogada.com\/de\/direito-migratorio-e-imigracao\/\">Einwanderungsrecht und Migration<\/a><span><i class=\"fa-sharp fa-light fa-arrow-right\"><\/i><\/span><\/li><li><a href=\"https:\/\/koellnadvogada.com\/de\/direito-sucessorio-e-herancas\/\">Erbrecht und Erbschaften<\/a><span><i class=\"fa-sharp fa-light fa-arrow-right\"><\/i><\/span><\/li><li><a href=\"https:\/\/koellnadvogada.com\/de\/reconhecimento-de-decisoes-estrangeiras\/\">Anerkennung ausl\u00e4ndischer Entscheidungen<\/a><span><i class=\"fa-sharp fa-light fa-arrow-right\"><\/i><\/span><\/li><\/ul><\/div>\t\t\t\t<\/div>\n\t\t\t\t<\/div>\n\t\t\t\t<\/div>\n\t\t\t\t\t<\/div>\n\t\t\t\t<\/div>\n\t\t<div class=\"elementor-element elementor-element-46d7191 e-flex e-con-boxed e-con e-parent\" data-id=\"46d7191\" data-element_type=\"container\" data-e-type=\"container\">\n\t\t\t\t\t<div class=\"e-con-inner\">\n\t\t\t\t<div class=\"elementor-element elementor-element-bf3e352 elementor-widget elementor-widget-heading\" data-id=\"bf3e352\" data-element_type=\"widget\" data-e-type=\"widget\" data-widget_type=\"heading.default\">\n\t\t\t\t\t<h4 class=\"elementor-heading-title elementor-size-default\">H\u00e4ufig gestellte Fragen<\/h4>\t\t\t\t<\/div>\n\t\t\t\t<div class=\"elementor-element elementor-element-3682c9b elementor-widget elementor-widget-n-accordion\" data-id=\"3682c9b\" data-element_type=\"widget\" data-e-type=\"widget\" data-settings=\"{&quot;default_state&quot;:&quot;all_collapsed&quot;,&quot;max_items_expended&quot;:&quot;one&quot;,&quot;n_accordion_animation_duration&quot;:{&quot;unit&quot;:&quot;ms&quot;,&quot;size&quot;:400,&quot;sizes&quot;:[]}}\" data-widget_type=\"nested-accordion.default\">\n\t\t\t\t\t\t\t<div class=\"e-n-accordion\" aria-label=\"Akkordeon. Links mit Enter oder Leertaste \u00f6ffnen, mit Escape schlie\u00dfen und mit den Pfeiltasten navigieren\">\n\t\t\t\t\t\t<details id=\"e-n-accordion-item-5710\" class=\"e-n-accordion-item\" >\n\t\t\t\t<summary class=\"e-n-accordion-item-title\" data-accordion-index=\"1\" tabindex=\"0\" aria-expanded=\"false\" aria-controls=\"e-n-accordion-item-5710\" >\n\t\t\t\t\t<span class='e-n-accordion-item-title-header'><div class=\"e-n-accordion-item-title-text\"> Kann ein Strafverfahren in Deutschland sich auf mein Visum oder meine Aufenthaltserlaubnis auswirken? <\/div><\/span>\n\t\t\t\t\t\t\t<span class='e-n-accordion-item-title-icon'>\n\t\t\t<span class='e-opened' ><i aria-hidden=\"true\" class=\"fas fa-minus\"><\/i><\/span>\n\t\t\t<span class='e-closed'><i aria-hidden=\"true\" class=\"fas fa-plus\"><\/i><\/span>\n\t\t<\/span>\n\n\t\t\t\t\t\t<\/summary>\n\t\t\t\t<div role=\"region\" aria-labelledby=\"e-n-accordion-item-5710\" class=\"elementor-element elementor-element-a55330f e-con-full e-flex e-con e-child\" data-id=\"a55330f\" data-element_type=\"container\" data-e-type=\"container\">\n\t\t\t\t<div class=\"elementor-element elementor-element-d92e533 elementor-widget elementor-widget-text-editor\" data-id=\"d92e533\" data-element_type=\"widget\" data-e-type=\"widget\" data-widget_type=\"text-editor.default\">\n\t\t\t\t\t\t\t\t\t<p>Ja, erheblich. Eine strafrechtliche Verurteilung kann zum Widerruf der Aufenthaltserlaubnis und sogar zur Ausweisung aus dem deutschen Bundesgebiet f\u00fchren. Verurteilungen mit einer Freiheitsstrafe von \u00fcber 2 Jahren (in der Regel) k\u00f6nnen eine zwingende Ausweisung zur Folge haben. Auch geringere Verurteilungen k\u00f6nnen die Verl\u00e4ngerung des Visums, den Antrag auf unbefristete Aufenthaltserlaubnis und das Einb\u00fcrgerungsverfahren beeinflussen. Daher sollte die strafrechtliche Verteidigung von Ausl\u00e4ndern stets die aufenthaltsrechtlichen Folgen ber\u00fccksichtigen.<\/p>\t\t\t\t\t\t\t\t<\/div>\n\t\t\t\t<\/div>\n\t\t\t\t\t<\/details>\n\t\t\t\t\t\t<details id=\"e-n-accordion-item-5711\" class=\"e-n-accordion-item\" >\n\t\t\t\t<summary class=\"e-n-accordion-item-title\" data-accordion-index=\"2\" tabindex=\"-1\" aria-expanded=\"false\" aria-controls=\"e-n-accordion-item-5711\" >\n\t\t\t\t\t<span class='e-n-accordion-item-title-header'><div class=\"e-n-accordion-item-title-text\"> Ich wurde in Deutschland eines Verbrechens beschuldigt. Welche Rechte habe ich? <\/div><\/span>\n\t\t\t\t\t\t\t<span class='e-n-accordion-item-title-icon'>\n\t\t\t<span class='e-opened' ><i aria-hidden=\"true\" class=\"fas fa-minus\"><\/i><\/span>\n\t\t\t<span class='e-closed'><i aria-hidden=\"true\" class=\"fas fa-plus\"><\/i><\/span>\n\t\t<\/span>\n\n\t\t\t\t\t\t<\/summary>\n\t\t\t\t<div role=\"region\" aria-labelledby=\"e-n-accordion-item-5711\" class=\"elementor-element elementor-element-d5fbfc4 e-con-full e-flex e-con e-child\" data-id=\"d5fbfc4\" data-element_type=\"container\" data-e-type=\"container\">\n\t\t\t\t<div class=\"elementor-element elementor-element-c3aa645 elementor-widget elementor-widget-text-editor\" data-id=\"c3aa645\" data-element_type=\"widget\" data-e-type=\"widget\" data-widget_type=\"text-editor.default\">\n\t\t\t\t\t\t\t\t\t<p>Jeder Angeklagte in Deutschland hat grundlegende Rechte, die unabh\u00e4ngig von seiner Nationalit\u00e4t garantiert sind: Recht auf Aussageverweigerung (Sie sind nicht verpflichtet, Aussagen zu machen), Recht auf einen Verteidiger, Recht auf einen Dolmetscher bei allen Verfahrenshandlungen und das Recht auf Akteneinsicht \u00fcber den Anwalt. Es ist unerl\u00e4sslich, von Ihrem Recht auf Aussageverweigerung Gebrauch zu machen und einen Anwalt zu kontaktieren, bevor Sie eine Aussage bei der Polizei machen.<\/p>\t\t\t\t\t\t\t\t<\/div>\n\t\t\t\t<\/div>\n\t\t\t\t\t<\/details>\n\t\t\t\t\t\t<details id=\"e-n-accordion-item-5712\" class=\"e-n-accordion-item\" >\n\t\t\t\t<summary class=\"e-n-accordion-item-title\" data-accordion-index=\"3\" tabindex=\"-1\" aria-expanded=\"false\" aria-controls=\"e-n-accordion-item-5712\" >\n\t\t\t\t\t<span class='e-n-accordion-item-title-header'><div class=\"e-n-accordion-item-title-text\"> Kann ich wegen eines Strafverfahrens aus Deutschland abgeschoben werden? <\/div><\/span>\n\t\t\t\t\t\t\t<span class='e-n-accordion-item-title-icon'>\n\t\t\t<span class='e-opened' ><i aria-hidden=\"true\" class=\"fas fa-minus\"><\/i><\/span>\n\t\t\t<span class='e-closed'><i aria-hidden=\"true\" class=\"fas fa-plus\"><\/i><\/span>\n\t\t<\/span>\n\n\t\t\t\t\t\t<\/summary>\n\t\t\t\t<div role=\"region\" aria-labelledby=\"e-n-accordion-item-5712\" class=\"elementor-element elementor-element-0ec1c0b e-con-full e-flex e-con e-child\" data-id=\"0ec1c0b\" data-element_type=\"container\" data-e-type=\"container\">\n\t\t\t\t<div class=\"elementor-element elementor-element-bc1cad6 elementor-widget elementor-widget-text-editor\" data-id=\"bc1cad6\" data-element_type=\"widget\" data-e-type=\"widget\" data-widget_type=\"text-editor.default\">\n\t\t\t\t\t\t\t\t\t<p>Die Abschiebung kann nach einer strafrechtlichen Verurteilung erfolgen, aber nicht w\u00e4hrend des Verfahrens. Solange das Verfahren l\u00e4uft, gilt die Unschuldsvermutung. Nach der Verurteilung pr\u00fcft die Ausl\u00e4nderbeh\u00f6rde, ob sie eine Ausweisungsverf\u00fcgung erl\u00e4sst, wobei die Schwere des Verbrechens, famili\u00e4re Bindungen in Deutschland und die Aufenthaltsdauer ber\u00fccksichtigt werden. EU-B\u00fcrger genie\u00dfen einen verst\u00e4rkten Schutz vor Abschiebung.<\/p>\t\t\t\t\t\t\t\t<\/div>\n\t\t\t\t<\/div>\n\t\t\t\t\t<\/details>\n\t\t\t\t\t\t<details id=\"e-n-accordion-item-5713\" class=\"e-n-accordion-item\" >\n\t\t\t\t<summary class=\"e-n-accordion-item-title\" data-accordion-index=\"4\" tabindex=\"-1\" aria-expanded=\"false\" aria-controls=\"e-n-accordion-item-5713\" >\n\t\t\t\t\t<span class='e-n-accordion-item-title-header'><div class=\"e-n-accordion-item-title-text\"> Strafregister in Deutschland wirken sich meine Antragsberechtigung auf die Staatsb\u00fcrgerschaft aus? <\/div><\/span>\n\t\t\t\t\t\t\t<span class='e-n-accordion-item-title-icon'>\n\t\t\t<span class='e-opened' ><i aria-hidden=\"true\" class=\"fas fa-minus\"><\/i><\/span>\n\t\t\t<span class='e-closed'><i aria-hidden=\"true\" class=\"fas fa-plus\"><\/i><\/span>\n\t\t<\/span>\n\n\t\t\t\t\t\t<\/summary>\n\t\t\t\t<div role=\"region\" aria-labelledby=\"e-n-accordion-item-5713\" class=\"elementor-element elementor-element-7a69bba e-con-full e-flex e-con e-child\" data-id=\"7a69bba\" data-element_type=\"container\" data-e-type=\"container\">\n\t\t\t\t<div class=\"elementor-element elementor-element-8a5dee9 elementor-widget elementor-widget-text-editor\" data-id=\"8a5dee9\" data-element_type=\"widget\" data-e-type=\"widget\" data-widget_type=\"text-editor.default\">\n\t\t\t\t\t\t\t\t\t<p>Ja. F\u00fcr die deutsche Einb\u00fcrgerung ist es notwendig, keine relevanten strafrechtlichen Verurteilungen zu haben. Geringf\u00fcgige Verurteilungen (Geldstrafen bis zu 90 Tagess\u00e4tzen oder Freiheitsstrafen bis zu 3 Monaten zur Bew\u00e4hrung ausgesetzt) werden in der Regel nicht ber\u00fccksichtigt. Schwerwiegendere Verurteilungen k\u00f6nnen die Einb\u00fcrgerung dauerhaft verhindern. F\u00fcr die Niederlassungserlaubnis wird ebenfalls das F\u00fchrungszeugnis gepr\u00fcft. Nach einer bestimmten Frist ohne weitere Vergehen k\u00f6nnen Verurteilungen aus dem Bundeszentralregister getilgt werden.<\/p>\t\t\t\t\t\t\t\t<\/div>\n\t\t\t\t<\/div>\n\t\t\t\t\t<\/details>\n\t\t\t\t\t<\/div>\n\t\t\t\t\t\t<\/div>\n\t\t\t\t\t<\/div>\n\t\t\t\t<\/div>\n\t\t\t\t<\/div>","protected":false},"excerpt":{"rendered":"<p>Direito Penal Atua\u00e7\u00e3o estrat\u00e9gica na defesa e no acompanhamento de processos penais, com an\u00e1lise detalhada do caso desde a fase investigativa at\u00e9 o encerramento da a\u00e7\u00e3o. Representa\u00e7\u00e3o em interrogat\u00f3rios, audi\u00eancias, medidas cautelares e demais atos processuais, sempre com foco na prote\u00e7\u00e3o integral dos direitos do cliente. Especial aten\u00e7\u00e3o a casos com repercuss\u00f5es migrat\u00f3rias, considerando poss\u00edveis&#8230;<\/p>","protected":false},"author":1,"featured_media":0,"parent":0,"menu_order":0,"comment_status":"closed","ping_status":"closed","template":"","meta":{"footnotes":""},"class_list":["post-5343","page","type-page","status-publish","hentry"],"_links":{"self":[{"href":"https:\/\/koellnadvogada.com\/de\/wp-json\/wp\/v2\/pages\/5343","targetHints":{"allow":["GET"]}}],"collection":[{"href":"https:\/\/koellnadvogada.com\/de\/wp-json\/wp\/v2\/pages"}],"about":[{"href":"https:\/\/koellnadvogada.com\/de\/wp-json\/wp\/v2\/types\/page"}],"author":[{"embeddable":true,"href":"https:\/\/koellnadvogada.com\/de\/wp-json\/wp\/v2\/users\/1"}],"replies":[{"embeddable":true,"href":"https:\/\/koellnadvogada.com\/de\/wp-json\/wp\/v2\/comments?post=5343"}],"version-history":[{"count":68,"href":"https:\/\/koellnadvogada.com\/de\/wp-json\/wp\/v2\/pages\/5343\/revisions"}],"predecessor-version":[{"id":7454,"href":"https:\/\/koellnadvogada.com\/de\/wp-json\/wp\/v2\/pages\/5343\/revisions\/7454"}],"wp:attachment":[{"href":"https:\/\/koellnadvogada.com\/de\/wp-json\/wp\/v2\/media?parent=5343"}],"curies":[{"name":"wp","href":"https:\/\/api.w.org\/{rel}","templated":true}]}}