{"id":51,"date":"2024-12-17T05:23:58","date_gmt":"2024-12-17T05:23:58","guid":{"rendered":"https:\/\/wordpress.themeholy.com\/ensaf\/?page_id=51"},"modified":"2026-04-13T20:27:19","modified_gmt":"2026-04-13T20:27:19","slug":"advocacia","status":"publish","type":"page","link":"https:\/\/koellnadvogada.com\/de\/advocacia\/","title":{"rendered":"\u00dcber uns"},"content":{"rendered":"<div data-elementor-type=\"wp-page\" data-elementor-id=\"51\" class=\"elementor elementor-51\" data-elementor-post-type=\"page\">\n\t\t\t\t<div class=\"elementor-element elementor-element-c22bad0 e-flex e-con-boxed e-con e-parent\" data-id=\"c22bad0\" data-element_type=\"container\" data-e-type=\"container\" data-settings=\"{&quot;background_background&quot;:&quot;classic&quot;}\">\n\t\t\t\t\t<div class=\"e-con-inner\">\n\t\t<div class=\"elementor-element elementor-element-a6c8fc1 e-con-full e-flex e-con e-child\" data-id=\"a6c8fc1\" data-element_type=\"container\" data-e-type=\"container\">\n\t\t<div class=\"elementor-element elementor-element-d997d77 e-con-full e-flex e-con e-child\" data-id=\"d997d77\" data-element_type=\"container\" data-e-type=\"container\">\n\t\t\r\n\t\t<div class=\"elementor-element elementor-element-977b824 elementor-hidden-mobile elementor-widget elementor-widget-ensafimage\" data-id=\"977b824\" data-element_type=\"widget\" data-e-type=\"widget\" data-widget_type=\"ensafimage.default\">\n\t\t\t\t<div class=\"elementor-widget-container\">\n\t\t\t\t\t<div class=\"img-box1 about-1\"><div class=\"shape-mockup logo-shape\"><div class=\"logo-icon-wrap\"><div class=\"logo-icon\"><img decoding=\"async\" src=\"https:\/\/koellnadvogada.com\/wp-content\/uploads\/2026\/01\/logo-sk-advocacia-marca-dagua.png\" alt=\"Logotipo SK advocacia com s\u00edmbolo da balan\u00e7a em vers\u00e3o marca d\u2019\u00e1gua\"  \/><\/div><div class=\"logo-icon-wrap__text bg-theme2\"><span class=\"logo-animation\">RECHTSANWALTSSCHAFT \u2022 MITGLIEDER<\/span><\/div><\/div><\/div><div class=\"img1\"><img decoding=\"async\" src=\"https:\/\/koellnadvogada.com\/wp-content\/uploads\/2026\/04\/dra-sandra-koelln-rechtsanwaltin.png\" alt=\"Dra Sandra Koelln Rechtsanw\u00e4ltin escrit\u00f3rio Munique\"  class=\"tilt-active\" \/><\/div><div class=\"img2\"><div class=\"img2-top\"><img decoding=\"async\" src=\"https:\/\/koellnadvogada.com\/wp-content\/uploads\/2026\/04\/vista-da-frauenkirche-a-partir-do-escritorio.png\" alt=\"Vista da Frauenkirche em Munique a partir de escrit\u00f3rio de advocacia internacional\"  class=\"tilt-active\" \/><\/div><div class=\"img2-bottom\"><img decoding=\"async\" src=\"https:\/\/koellnadvogada.com\/wp-content\/uploads\/2026\/02\/atendimento-juridico-personalizado.jpg\" alt=\"Atendimento jur\u00eddico personalizado escrit\u00f3rio Sandra Koelln\"  class=\"tilt-active\" \/><\/div><\/div><\/div>\t\t\t\t<\/div>\n\t\t\t\t<\/div>\n\t\t\t\t<div class=\"elementor-element elementor-element-11bdf92 elementor-hidden-desktop elementor-hidden-tablet elementor-widget elementor-widget-image\" data-id=\"11bdf92\" data-element_type=\"widget\" data-e-type=\"widget\" data-widget_type=\"image.default\">\n\t\t\t\t\t\t\t\t\t\t\t\t\t\t\t<img fetchpriority=\"high\" decoding=\"async\" width=\"751\" height=\"751\" src=\"https:\/\/koellnadvogada.com\/wp-content\/uploads\/2026\/04\/perfil-advogada-munique.jpeg\" class=\"attachment-large size-large wp-image-7207\" alt=\"Sandra Koelln Rechtsanw\u00e4ltin advogada brasileira Munique perfil\" srcset=\"https:\/\/koellnadvogada.com\/wp-content\/uploads\/2026\/04\/perfil-advogada-munique.jpeg 1024w, https:\/\/koellnadvogada.com\/wp-content\/uploads\/2026\/04\/perfil-advogada-munique-300x300.jpeg 300w, https:\/\/koellnadvogada.com\/wp-content\/uploads\/2026\/04\/perfil-advogada-munique-150x150.jpeg 150w, https:\/\/koellnadvogada.com\/wp-content\/uploads\/2026\/04\/perfil-advogada-munique-768x768.jpeg 768w, https:\/\/koellnadvogada.com\/wp-content\/uploads\/2026\/04\/perfil-advogada-munique-80x80.jpeg 80w, https:\/\/koellnadvogada.com\/wp-content\/uploads\/2026\/04\/perfil-advogada-munique-400x400.jpeg 400w, https:\/\/koellnadvogada.com\/wp-content\/uploads\/2026\/04\/perfil-advogada-munique-12x12.jpeg 12w, https:\/\/koellnadvogada.com\/wp-content\/uploads\/2026\/04\/perfil-advogada-munique-580x580.jpeg 580w, https:\/\/koellnadvogada.com\/wp-content\/uploads\/2026\/04\/perfil-advogada-munique-85x85.jpeg 85w\" sizes=\"(max-width: 751px) 100vw, 751px\" \/>\t\t\t\t\t\t\t\t\t\t\t\t\t\t\t<\/div>\n\t\t\t\t<div class=\"elementor-element elementor-element-48e8120 elementor-widget elementor-widget-ensafsectiontitle\" data-id=\"48e8120\" data-element_type=\"widget\" data-e-type=\"widget\" data-widget_type=\"ensafsectiontitle.default\">\n\t\t\t\t<div class=\"elementor-widget-container\">\n\t\t\t\t\t\t\t<div class=\"title-area\">\r\n\t\t\t<span class=\"sub-title\">\u00dcber uns<\/span><h4 class=\"sec-title\">Ein Erbe juristischer Exzellenz<\/h4><p class=\"sec-text\">Die Kanzlei Koelln ist eine international t\u00e4tige Anwaltskanzlei unter der Leitung einer brasilianischen Anw\u00e4ltin mit Sitz in M\u00fcnchen, die auf Rechtsangelegenheiten spezialisiert ist, die Deutschland, Brasilien und Portugal betreffen.\n\nWir arbeiten individuell und strategisch und bieten unseren Mandanten, die sich in grenz\u00fcberschreitenden Rechtsangelegenheiten befinden, eine klare, sichere und effiziente Rechtsberatung. Unsere Arbeit wird von technischer Exzellenz, beruflicher Ethik und direkter, zug\u00e4nglicher Kommunikation geleitet.\n\nJeder Fall wird individuell behandelt, wobei die rechtlichen, kulturellen und pers\u00f6nlichen Besonderheiten jedes Mandanten ber\u00fccksichtigt werden. Wir suchen nach fundierten, praktischen und auf die Realit\u00e4t unserer Klienten abgestimmten L\u00f6sungen. Bei Bedarf arbeiten wir mit spezialisierten Fachleuten aus verschiedenen Gerichtsbarkeiten zusammen.<\/p>\t\t<\/div>\r\n\r\n\t\t\t\t\t<\/div>\n\t\t\t\t<\/div>\n\t\t\t\t<div class=\"elementor-element elementor-element-9792e8f elementor-widget elementor-widget-html\" data-id=\"9792e8f\" data-element_type=\"widget\" data-e-type=\"widget\" data-widget_type=\"html.default\">\n\t\t\t\t\t<div class=\"checklist style2\" style=\"font-size: 15px;\">\n  <ul>\n    <li><i class=\"fa-sharp fa-solid fa-circle-check\"><\/i> \n      Internationale Anwaltliche T\u00e4tigkeit zwischen Deutschland, Brasilien und Portugal.\n    <\/li>\n    <li><i class=\"fa-sharp fa-solid fa-circle-check\"><\/i> \n      Erfahrung in komplexen F\u00e4llen und transnationalen Kontexten.\n    <\/li>\n    <li><i class=\"fa-sharp fa-solid fa-circle-check\"><\/i> \n      Strategische, klare und l\u00f6sungsorientierte Beratung.\n    <\/li>\n    <li><i class=\"fa-sharp fa-solid fa-circle-check\"><\/i> \n      Technische Exzellenz mit Ethik und zug\u00e4nglicher Kommunikation.\n    <\/li>\n  <\/ul>\n<\/div>\t\t\t\t<\/div>\n\t\t\t\t<\/div>\n\t\t<div class=\"elementor-element elementor-element-57a0212 e-con-full e-flex e-con e-child\" data-id=\"57a0212\" data-element_type=\"container\" data-e-type=\"container\">\n\t\t\t\t<div class=\"elementor-element elementor-element-d6bcb65 elementor-widget elementor-widget-ensafsectiontitle\" data-id=\"d6bcb65\" data-element_type=\"widget\" data-e-type=\"widget\" data-widget_type=\"ensafsectiontitle.default\">\n\t\t\t\t<div class=\"elementor-widget-container\">\n\t\t\t\t\t\t\t<div class=\"title-area\">\r\n\t\t\t<span class=\"sub-title\">Frau Dr. Sandra Koelln<\/span><h4 class=\"sec-title\">Beruflicher Werdegang und Engagement<\/h4><p class=\"sec-text\">Dr. Sandra Helena Koelln ist Rechtsanw\u00e4ltin, eingetragen bei der brasilianischen Anwaltskammer (OAB), der Rechtsanwaltskammer M\u00fcnchen (RAK M\u00fcnchen) und der portugiesischen Anwaltskammer - eine Dreifachqualifikation, die es ihr erlaubt, direkt und ohne Zwischenh\u00e4ndler in den Rechtssystemen dreier L\u00e4nder zu agieren. Dank ihrer fundierten juristischen Ausbildung und praktischen Erfahrung in grenz\u00fcberschreitenden Kontexten bearbeitet Dr. Sandra jeden Fall pers\u00f6nlich und ber\u00fccksichtigt dabei die kulturellen und rechtlichen Besonderheiten der jeweiligen Rechtsordnung.\n\nDie Kanzlei ist in sieben Hauptbereichen t\u00e4tig: Internationales Familienrecht (Scheidung, Sorgerecht, Unterhalt zwischen den L\u00e4ndern), Migrations- und Einwanderungsrecht (Arbeitsvisa, Blue Card, Familienzusammenf\u00fchrung, Rechtsmittel gegen abgelehnte Visa), Europ\u00e4ische Staatsb\u00fcrgerschaft (Deutsch, Portugiesisch, Italienisch und Spanisch), Zivil- und Wirtschaftsrecht (Er\u00f6ffnung von GmbH und UG, internationale Vertr\u00e4ge), Erbrecht (internationale Inventare, Erbschaftssteuer, grenz\u00fcberschreitende Testamente), Anerkennung ausl\u00e4ndischer Entscheidungen (Homologation von Urteilen beim STJ, Anerkennung von Ehescheidungen) und Strafrecht mit Migrationshintergrund.\n\nKoelln arbeitet auf Portugiesisch, Deutsch und Englisch und verbindet fundiertes Fachwissen mit verst\u00e4ndlicher Kommunikation, um sicherzustellen, dass jeder Mandant seine Rechte und M\u00f6glichkeiten in jeder Phase des Prozesses versteht.<\/p>\t\t<\/div>\r\n\r\n\t\t\t\t\t<\/div>\n\t\t\t\t<\/div>\n\t\t\t\t<div class=\"elementor-element elementor-element-bd236c4 elementor-widget elementor-widget-ensafcontactinfo\" data-id=\"bd236c4\" data-element_type=\"widget\" data-e-type=\"widget\" data-widget_type=\"ensafcontactinfo.default\">\n\t\t\t\t<div class=\"elementor-widget-container\">\n\t\t\t\t\t<div class=\"widget widget_call\"><div class=\"widget-call\"><h4 class=\"box-title\">Ben\u00f6tigen Sie Hilfe?<\/h4><p class=\"box_text\">Spezialisierte Rechtsberatung zur sicheren F\u00fchrung.<\/p><div class=\"widget_call\"><div class=\"info-box\"><div class=\"info-box_icon\"><i class=\"fa-brands fa-whatsapp\"><\/i><\/div><div><span class=\"info-box_subtitle\">Erz\u00e4hlen Sie uns:<\/span><p class=\"info-box_text\"><!-- WhatsApp -->\n<a href=\"https:\/\/wa.me\/4915566359635?text=Ol\u00e1,%20preciso%20de%20assessoria%20jur\u00eddica...\" target=\"_blank\" rel=\"noopener\">\n  WhatsApp\n<\/a>\n<\/p><\/div><\/div><div class=\"info-box\"><div class=\"info-box_icon\"><i class=\"fas fa-envelope\"><\/i><\/div><div><span class=\"info-box_subtitle\">E-Mail<\/span><p class=\"info-box_text\"><a href=\"mailto:info@koellnadvogada.com\" class=\"info-box_link\">info@koellnadvogada.com<\/a>\n<\/p><\/div><\/div><\/div><\/div><\/div>\t\t\t\t<\/div>\n\t\t\t\t<\/div>\n\t\t\t\t<\/div>\n\t\t\t\t<\/div>\n\t\t\t\t<div class=\"elementor-element elementor-element-a34fdc3 elementor-widget elementor-widget-ensafshapeimage\" data-id=\"a34fdc3\" data-element_type=\"widget\" data-e-type=\"widget\" data-widget_type=\"ensafshapeimage.default\">\n\t\t\t\t<div class=\"elementor-widget-container\">\n\t\t\t\t\t<!-- Image --><div class=\"shape-mockup jump\" data-bottom=\"1px\" data-left=\"1px\"><img decoding=\"async\" class=\"\" src=\"https:\/\/wordpress.themehour.net\/ensaf\/wp-content\/uploads\/2024\/12\/about1-left-shape.png\" alt=\"Shape Image\" ><\/div><!-- End Image -->\t\t\t\t<\/div>\n\t\t\t\t<\/div>\n\t\t\t\t<div class=\"elementor-element elementor-element-52fd2ad elementor-widget elementor-widget-ensafshapeimage\" data-id=\"52fd2ad\" data-element_type=\"widget\" data-e-type=\"widget\" data-widget_type=\"ensafshapeimage.default\">\n\t\t\t\t<div class=\"elementor-widget-container\">\n\t\t\t\t\t<!-- Image --><div class=\"shape-mockup jump\" data-top=\"11%\" data-right=\"4%\"><img decoding=\"async\" class=\"\" src=\"https:\/\/wordpress.themehour.net\/ensaf\/wp-content\/uploads\/2024\/12\/about1-right-top.png\" alt=\"Shape Image\" ><\/div><!-- End Image -->\t\t\t\t<\/div>\n\t\t\t\t<\/div>\n\t\t\t\t\t<\/div>\n\t\t\t\t<\/div>\n\t\t<div class=\"elementor-element elementor-element-5538fa2 elementor-hidden-desktop elementor-hidden-tablet elementor-hidden-mobile e-flex e-con-boxed e-con e-parent\" data-id=\"5538fa2\" data-element_type=\"container\" data-e-type=\"container\" data-settings=\"{&quot;background_background&quot;:&quot;classic&quot;}\">\n\t\t\t\t\t<div class=\"e-con-inner\">\n\t\t<div class=\"elementor-element elementor-element-e2c414a e-con-full e-flex e-con e-child\" data-id=\"e2c414a\" data-element_type=\"container\" data-e-type=\"container\">\n\t\t\t\t<div class=\"elementor-element elementor-element-c66260e elementor-widget elementor-widget-ensafsectiontitle\" data-id=\"c66260e\" data-element_type=\"widget\" data-e-type=\"widget\" data-widget_type=\"ensafsectiontitle.default\">\n\t\t\t\t<div class=\"elementor-widget-container\">\n\t\t\t\t\t\t\t<div class=\"title-area text-left\">\r\n\t\t\t<span class=\"sub-title\">T\u00e4tigkeitsbereiche<\/span><h2 class=\"sec-title\">Internationale Rechtsberatung<\/h2>\t\t<\/div>\r\n\r\n\t\t\t\t\t<\/div>\n\t\t\t\t<\/div>\n\t\t\t\t<div class=\"elementor-element elementor-element-c1d35bc elementor-widget elementor-widget-ensafarrows\" data-id=\"c1d35bc\" data-element_type=\"widget\" data-e-type=\"widget\" data-widget_type=\"ensafarrows.default\">\n\t\t\t\t<div class=\"elementor-widget-container\">\n\t\t\t\t\t<div class=\"sec-btn\"><div class=\"icon-box\"><button data-slider-prev=\"#serviceSlider2\" class=\"slider-arrow default\"><i class=\"far fa-arrow-left\"><\/i><\/button><button data-slider-next=\"#serviceSlider2\" class=\"slider-arrow default\"><i class=\"far fa-arrow-right\"><\/i><\/button><\/div><\/div>\t\t\t\t<\/div>\n\t\t\t\t<\/div>\n\t\t\t\t<\/div>\n\t\t\t\t<div class=\"elementor-element elementor-element-dbc18bb elementor-widget elementor-widget-ensafservice\" data-id=\"dbc18bb\" data-element_type=\"widget\" data-e-type=\"widget\" data-widget_type=\"ensafservice.default\">\n\t\t\t\t<div class=\"elementor-widget-container\">\n\t\t\t\t\t<div class=\"slider-area\"><div class=\"swiper th-slider has-shadow\" id=\"serviceSlider2\" data-slider-options='{\"breakpoints\":{\"0\":{\"slidesPerView\":1},\"576\":{\"slidesPerView\":\"1\"},\"768\":{\"slidesPerView\":\"2\"},\"992\":{\"slidesPerView\":\"3\"},\"1200\":{\"slidesPerView\":\"4\"}}, \"autoHeight\": \"true\"}'><div class=\"swiper-wrapper\"><div class=\"swiper-slide\"><div class=\"service-card style-2 bg-white\"><div class=\"box-icon\"><img decoding=\"async\" src=\"https:\/\/koellnadvogada.com\/wp-content\/uploads\/2026\/02\/icon-area-atuacao-direito-da-familia.png\" alt=\"icon area atuacao direito da familia\"  \/><\/div><div class=\"box-content\"><h3 class=\"box-title\"><a href=\"https:\/\/koellnadvogada.com\/de\/direito-de-familia-internacional\/\">Internationales Familienrecht<\/a><\/h3><p class=\"box-text\">Rechtsberatung in Familienangelegenheiten wie Scheidung, Sorgerecht, Unterhalt und ausl\u00e4ndische Entscheidungen.<\/p><\/div><a href=\"https:\/\/koellnadvogada.com\/de\/direito-de-familia-internacional\/\" class=\"link-btn\">Mehr erfahren<i class=\"fa-regular fa-arrow-right-long\"><\/i><\/a><\/div><\/div><div class=\"swiper-slide\"><div class=\"service-card style-2 bg-white\"><div class=\"box-icon\"><img decoding=\"async\" src=\"https:\/\/koellnadvogada.com\/wp-content\/uploads\/2026\/02\/icon-area-atuacao-direito-imigracao.png\" alt=\"icon area atuacao direito imigracao\"  \/><\/div><div class=\"box-content\"><h3 class=\"box-title\"><a href=\"https:\/\/koellnadvogada.com\/de\/direito-migratorio-e-imigracao\/\">Einwanderungsrecht und Migration<\/a><\/h3><p class=\"box-text\">Rechtsberatung und -betreuung in Migrationsverfahren, einschlie\u00dflich Visa, Aufenthaltserlaubnissen und der rechtlichen Legalisierung in Deutschland.<\/p><\/div><a href=\"https:\/\/koellnadvogada.com\/de\/direito-migratorio-e-imigracao\/\" class=\"link-btn\">Mehr erfahren<i class=\"fa-regular fa-arrow-right-long\"><\/i><\/a><\/div><\/div><div class=\"swiper-slide\"><div class=\"service-card style-2 bg-white\"><div class=\"box-icon\"><img decoding=\"async\" src=\"https:\/\/koellnadvogada.com\/wp-content\/uploads\/2026\/02\/icon-area-atuacao-direito-civil.png\" alt=\"icon area atuacao direito civil\"  \/><\/div><div class=\"box-content\"><h3 class=\"box-title\"><a href=\"https:\/\/koellnadvogada.com\/de\/direito-civil-empresarial\/\">Zivilrecht (Wirtschaftsrecht)<\/a><\/h3><p class=\"box-text\">Rechtsberatung in zivilrechtlichen Angelegenheiten mit Schwerpunkt auf Vertr\u00e4gen, Haftung und Streitbeilegung in internationalen Kontexten.<\/p><\/div><a href=\"https:\/\/koellnadvogada.com\/de\/direito-civil-empresarial\/\" class=\"link-btn\">Mehr erfahren<i class=\"fa-regular fa-arrow-right-long\"><\/i><\/a><\/div><\/div><div class=\"swiper-slide\"><div class=\"service-card style-2 bg-white\"><div class=\"box-icon\"><img decoding=\"async\" src=\"https:\/\/koellnadvogada.com\/wp-content\/uploads\/2026\/02\/icon-area-atuacao-direito-sucessorio-e-heranca-v5.png\" alt=\"icon area atuacao direito sucessorio e heranca v5\"  \/><\/div><div class=\"box-content\"><h3 class=\"box-title\"><a href=\"https:\/\/koellnadvogada.com\/de\/direito-sucessorio-e-herancas\/\">Erbrecht und Erbschaften<\/a><\/h3><p class=\"box-text\">Rechtsberatung in Erbschafts- und Nachlassangelegenheiten mit internationalem Bezug, mit Schwerpunkt auf Verm\u00f6gensaufteilung und Nachlassplanung zwischen verschiedenen Rechtssystemen.<\/p><\/div><a href=\"https:\/\/koellnadvogada.com\/de\/direito-sucessorio-e-herancas\/\" class=\"link-btn\">Mehr erfahren<i class=\"fa-regular fa-arrow-right-long\"><\/i><\/a><\/div><\/div><div class=\"swiper-slide\"><div class=\"service-card style-2 bg-white\"><div class=\"box-icon\"><img decoding=\"async\" src=\"https:\/\/wordpress.themehour.net\/ensaf\/wp-content\/uploads\/2024\/12\/service_card_1_6.svg\" alt=\"service_card_1_6\"  \/><\/div><div class=\"box-content\"><h3 class=\"box-title\"><a href=\"https:\/\/koellnadvogada.com\/de\/reconhecimento-de-decisoes-estrangeiras\/\">Anerkennung ausl\u00e4ndischer Entscheidungen<\/a><\/h3><p class=\"box-text\">Rechtsberatung zur Anerkennung und Vollstreckung ausl\u00e4ndischer Entscheidungen in Deutschland, mit Schwerpunkt im Familien- und Erbrecht.<\/p><\/div><a href=\"https:\/\/koellnadvogada.com\/de\/reconhecimento-de-decisoes-estrangeiras\/\" class=\"link-btn\">Mehr erfahren<i class=\"fa-regular fa-arrow-right-long\"><\/i><\/a><\/div><\/div><div class=\"swiper-slide\"><div class=\"service-card style-2 bg-white\"><div class=\"box-icon\"><img decoding=\"async\" src=\"https:\/\/wordpress.themehour.net\/ensaf\/wp-content\/uploads\/2024\/12\/service_card_1_1.svg\" alt=\"service_card_1_1\"  \/><\/div><div class=\"box-content\"><h3 class=\"box-title\"><a href=\"https:\/\/koellnadvogada.com\/de\/direito-penal\/\">Strafrecht<\/a><\/h3><p class=\"box-text\">Rechtsberatung und -vertretung in Strafverfahren, insbesondere in F\u00e4llen mit Migrationsbezug oder internationalen Bez\u00fcgen.<\/p><\/div><a href=\"https:\/\/koellnadvogada.com\/de\/direito-penal\/\" class=\"link-btn\">Mehr erfahren<i class=\"fa-regular fa-arrow-right-long\"><\/i><\/a><\/div><\/div><\/div><\/div><\/div>\t\t\t\t<\/div>\n\t\t\t\t<\/div>\n\t\t\t\t<div class=\"elementor-element elementor-element-a5c16db elementor-widget elementor-widget-ensafshapeimage\" data-id=\"a5c16db\" data-element_type=\"widget\" data-e-type=\"widget\" data-widget_type=\"ensafshapeimage.default\">\n\t\t\t\t<div class=\"elementor-widget-container\">\n\t\t\t\t\t<!-- Image --><div class=\"shape-mockup jump d-xl-block d-none\" data-bottom=\"1px\" data-left=\"1px\"><img decoding=\"async\" class=\"\" src=\"https:\/\/wordpress.themehour.net\/ensaf\/wp-content\/uploads\/2024\/12\/service-inner-left.png\" alt=\"Shape Image\" ><\/div><!-- End Image -->\t\t\t\t<\/div>\n\t\t\t\t<\/div>\n\t\t\t\t<div class=\"elementor-element elementor-element-cb3158f elementor-widget elementor-widget-ensafshapeimage\" data-id=\"cb3158f\" data-element_type=\"widget\" data-e-type=\"widget\" data-widget_type=\"ensafshapeimage.default\">\n\t\t\t\t<div class=\"elementor-widget-container\">\n\t\t\t\t\t<!-- Image --><div class=\"shape-mockup jump-reverse d-xl-block d-none\" data-bottom=\"1px\" data-right=\"1px\"><img decoding=\"async\" class=\"\" src=\"https:\/\/wordpress.themehour.net\/ensaf\/wp-content\/uploads\/2024\/12\/service-inner-right.png\" alt=\"Shape Image\" ><\/div><!-- End Image -->\t\t\t\t<\/div>\n\t\t\t\t<\/div>\n\t\t\t\t\t<\/div>\n\t\t\t\t<\/div>\n\t\t<div class=\"elementor-element elementor-element-cc0b8c6 e-flex e-con-boxed e-con e-parent\" data-id=\"cc0b8c6\" data-element_type=\"container\" data-e-type=\"container\" data-settings=\"{&quot;background_background&quot;:&quot;classic&quot;}\">\n\t\t\t\t\t<div class=\"e-con-inner\">\n\t\t<div class=\"elementor-element elementor-element-09067ca e-con-full e-flex e-con e-child\" data-id=\"09067ca\" data-element_type=\"container\" data-e-type=\"container\">\n\t\t\t\t<div class=\"elementor-element elementor-element-7d83cd7 elementor-widget elementor-widget-ensafsectiontitle\" data-id=\"7d83cd7\" data-element_type=\"widget\" data-e-type=\"widget\" data-widget_type=\"ensafsectiontitle.default\">\n\t\t\t\t<div class=\"elementor-widget-container\">\n\t\t\t\t\t\t\t<div class=\"title-area text-left\">\r\n\t\t\t<span class=\"sub-title\">Nachrichten &amp; Blog<\/span><h2 class=\"sec-title\">Unsere Nachrichten &amp; Updates<\/h2>\t\t<\/div>\r\n\r\n\t\t\t\t\t<\/div>\n\t\t\t\t<\/div>\n\t\t\t\t<div class=\"elementor-element elementor-element-65ecdc2 elementor-widget elementor-widget-ensafarrows\" data-id=\"65ecdc2\" data-element_type=\"widget\" data-e-type=\"widget\" data-widget_type=\"ensafarrows.default\">\n\t\t\t\t<div class=\"elementor-widget-container\">\n\t\t\t\t\t<div class=\"sec-btn\"><div class=\"icon-box\"><button data-slider-prev=\"#blogSlider1\" class=\"slider-arrow default\"><i class=\"far fa-arrow-left\"><\/i><\/button><button data-slider-next=\"#blogSlider1\" class=\"slider-arrow default\"><i class=\"far fa-arrow-right\"><\/i><\/button><\/div><\/div>\t\t\t\t<\/div>\n\t\t\t\t<\/div>\n\t\t\t\t<\/div>\n\t\t\t\t<div class=\"elementor-element elementor-element-8f07112 elementor-widget elementor-widget-ensafblog\" data-id=\"8f07112\" data-element_type=\"widget\" data-e-type=\"widget\" data-widget_type=\"ensafblog.default\">\n\t\t\t\t<div class=\"elementor-widget-container\">\n\t\t\t\t\t<div class=\"slider-area\"><div class=\"swiper th-slider has-shadow\" id=\"blogSlider1\" data-slider-options='{\"breakpoints\":{\"0\":{\"slidesPerView\":1},\"576\":{\"slidesPerView\":\"1\"},\"768\":{\"slidesPerView\":\"2\"},\"992\":{\"slidesPerView\":\"2\"},\"1200\":{\"slidesPerView\":\"3\"}}, \"autoHeight\": \"true\"}'><div class=\"swiper-wrapper\"><div class=\"swiper-slide\"><div class=\"blog-card  style-2\"><div class=\"blog-img\"><a href=\"https:\/\/koellnadvogada.com\/de\/pensao-alimenticia-maes-solo-alemanha\/\"><img decoding=\"async\" width=\"400\" height=\"400\" src=\"https:\/\/koellnadvogada.com\/wp-content\/uploads\/2026\/04\/maes-solo-pensao-alimenticia-alemanha-bundestag-mueller-sascha-400x400.png\" class=\"attachment-ensaf_400X400 size-ensaf_400X400 wp-post-image\" alt=\"M\u00e3es solo e apoiadores segurando faixa Kindergeld f\u00fcr alle Kinder em frente ao Bundestag, Berlim\" srcset=\"https:\/\/koellnadvogada.com\/wp-content\/uploads\/2026\/04\/maes-solo-pensao-alimenticia-alemanha-bundestag-mueller-sascha-400x400.png 400w, https:\/\/koellnadvogada.com\/wp-content\/uploads\/2026\/04\/maes-solo-pensao-alimenticia-alemanha-bundestag-mueller-sascha-150x150.png 150w, https:\/\/koellnadvogada.com\/wp-content\/uploads\/2026\/04\/maes-solo-pensao-alimenticia-alemanha-bundestag-mueller-sascha-80x80.png 80w, https:\/\/koellnadvogada.com\/wp-content\/uploads\/2026\/04\/maes-solo-pensao-alimenticia-alemanha-bundestag-mueller-sascha-580x580.png 580w, https:\/\/koellnadvogada.com\/wp-content\/uploads\/2026\/04\/maes-solo-pensao-alimenticia-alemanha-bundestag-mueller-sascha-85x85.png 85w\" sizes=\"(max-width: 400px) 100vw, 400px\" \/><\/a><\/div><div class=\"blog-content\"><div class=\"blog-meta\"><a href=\"https:\/\/koellnadvogada.com\/de\/author\/sandra-koelln\/\"><i class=\"fa-regular fa-user\"><\/i>By Dra. Sandra Koelln<\/a><a href=\"https:\/\/koellnadvogada.com\/de\/2026\/04\/11\/\"><i class=\"fa-regular fa-calendar\"><\/i>11. April 2026<\/a><a href=\"#\"><i class=\"fa-regular fa-comment\"><\/i>0 Comments <\/a><\/div><h3 class=\"box-title\"><a href=\"https:\/\/koellnadvogada.com\/de\/pensao-alimenticia-maes-solo-alemanha\/\">Alleinerziehende M\u00fctter in Deutschland: Ihre Rechte<\/a><\/h3><\/div><\/div><\/div><div class=\"swiper-slide\"><div class=\"blog-card  style-2\"><div class=\"blog-img\"><a href=\"https:\/\/koellnadvogada.com\/de\/nova-lei-de-cidadania-alema-o-que-mudou-para-brasileiros\/\"><img decoding=\"async\" width=\"400\" height=\"400\" src=\"https:\/\/koellnadvogada.com\/wp-content\/uploads\/2026\/03\/cidadania-alema-brasileiros-400x400.jpeg\" class=\"attachment-ensaf_400X400 size-ensaf_400X400 wp-post-image\" alt=\"Cidadania alem\u00e3 para brasileiros nova lei naturaliza\u00e7\u00e3o Alemanha\" srcset=\"https:\/\/koellnadvogada.com\/wp-content\/uploads\/2026\/03\/cidadania-alema-brasileiros-400x400.jpeg 400w, https:\/\/koellnadvogada.com\/wp-content\/uploads\/2026\/03\/cidadania-alema-brasileiros-150x150.jpeg 150w, https:\/\/koellnadvogada.com\/wp-content\/uploads\/2026\/03\/cidadania-alema-brasileiros-80x80.jpeg 80w, https:\/\/koellnadvogada.com\/wp-content\/uploads\/2026\/03\/cidadania-alema-brasileiros-580x580.jpeg 580w, https:\/\/koellnadvogada.com\/wp-content\/uploads\/2026\/03\/cidadania-alema-brasileiros-85x85.jpeg 85w\" sizes=\"(max-width: 400px) 100vw, 400px\" \/><\/a><\/div><div class=\"blog-content\"><div class=\"blog-meta\"><a href=\"https:\/\/koellnadvogada.com\/de\/author\/sandra-koelln\/\"><i class=\"fa-regular fa-user\"><\/i>By Dra. Sandra Koelln<\/a><a href=\"https:\/\/koellnadvogada.com\/de\/2026\/03\/14\/\"><i class=\"fa-regular fa-calendar\"><\/i>14. M\u00e4rz 2026<\/a><a href=\"#\"><i class=\"fa-regular fa-comment\"><\/i>0 Comments <\/a><\/div><h3 class=\"box-title\"><a href=\"https:\/\/koellnadvogada.com\/de\/nova-lei-de-cidadania-alema-o-que-mudou-para-brasileiros\/\">Neues deutsches Staatsb\u00fcrgerschaftsgesetz: das<\/a><\/h3><\/div><\/div><\/div><div class=\"swiper-slide\"><div class=\"blog-card  style-2\"><div class=\"blog-img\"><a href=\"https:\/\/koellnadvogada.com\/de\/casamento-no-brasil-tem-validade-na-alemanha\/\"><img loading=\"lazy\" decoding=\"async\" width=\"400\" height=\"400\" src=\"https:\/\/koellnadvogada.com\/wp-content\/uploads\/2026\/03\/validade-de-casamento-brasileiro-na-alemanha-400x400.jpeg\" class=\"attachment-ensaf_400X400 size-ensaf_400X400 wp-post-image\" alt=\"Casamento realizado no Brasil e reconhecimento jur\u00eddico na Alemanha\" srcset=\"https:\/\/koellnadvogada.com\/wp-content\/uploads\/2026\/03\/validade-de-casamento-brasileiro-na-alemanha-400x400.jpeg 400w, https:\/\/koellnadvogada.com\/wp-content\/uploads\/2026\/03\/validade-de-casamento-brasileiro-na-alemanha-150x150.jpeg 150w, https:\/\/koellnadvogada.com\/wp-content\/uploads\/2026\/03\/validade-de-casamento-brasileiro-na-alemanha-80x80.jpeg 80w, https:\/\/koellnadvogada.com\/wp-content\/uploads\/2026\/03\/validade-de-casamento-brasileiro-na-alemanha-580x580.jpeg 580w, https:\/\/koellnadvogada.com\/wp-content\/uploads\/2026\/03\/validade-de-casamento-brasileiro-na-alemanha-85x85.jpeg 85w\" sizes=\"(max-width: 400px) 100vw, 400px\" \/><\/a><\/div><div class=\"blog-content\"><div class=\"blog-meta\"><a href=\"https:\/\/koellnadvogada.com\/de\/author\/sandra-koelln\/\"><i class=\"fa-regular fa-user\"><\/i>By Dra. Sandra Koelln<\/a><a href=\"https:\/\/koellnadvogada.com\/de\/2026\/03\/02\/\"><i class=\"fa-regular fa-calendar\"><\/i>2. M\u00e4rz 2026<\/a><a href=\"#\"><i class=\"fa-regular fa-comment\"><\/i>0 Comments <\/a><\/div><h3 class=\"box-title\"><a href=\"https:\/\/koellnadvogada.com\/de\/casamento-no-brasil-tem-validade-na-alemanha\/\">Heirat in Brasilien ist g\u00fcltig in<\/a><\/h3><\/div><\/div><\/div><div class=\"swiper-slide\"><div class=\"blog-card  style-2\"><div class=\"blog-img\"><a href=\"https:\/\/koellnadvogada.com\/de\/alemanha-acelera-integracao-de-profissionais-estrangeiros\/\"><img loading=\"lazy\" decoding=\"async\" width=\"400\" height=\"400\" src=\"https:\/\/koellnadvogada.com\/wp-content\/uploads\/2026\/02\/reforma-asilo-alemanha-2026-400x400.jpeg\" class=\"attachment-ensaf_400X400 size-ensaf_400X400 wp-post-image\" alt=\"Bundestag em Berlim durante contexto de implementa\u00e7\u00e3o da reforma europeia de asilo na Alemanha em 2026\" srcset=\"https:\/\/koellnadvogada.com\/wp-content\/uploads\/2026\/02\/reforma-asilo-alemanha-2026-400x400.jpeg 400w, https:\/\/koellnadvogada.com\/wp-content\/uploads\/2026\/02\/reforma-asilo-alemanha-2026-150x150.jpeg 150w, https:\/\/koellnadvogada.com\/wp-content\/uploads\/2026\/02\/reforma-asilo-alemanha-2026-80x80.jpeg 80w, https:\/\/koellnadvogada.com\/wp-content\/uploads\/2026\/02\/reforma-asilo-alemanha-2026-580x580.jpeg 580w, https:\/\/koellnadvogada.com\/wp-content\/uploads\/2026\/02\/reforma-asilo-alemanha-2026-85x85.jpeg 85w\" sizes=\"(max-width: 400px) 100vw, 400px\" \/><\/a><\/div><div class=\"blog-content\"><div class=\"blog-meta\"><a href=\"https:\/\/koellnadvogada.com\/de\/author\/sandra-koelln\/\"><i class=\"fa-regular fa-user\"><\/i>By Dra. Sandra Koelln<\/a><a href=\"https:\/\/koellnadvogada.com\/de\/2026\/02\/27\/\"><i class=\"fa-regular fa-calendar\"><\/i>27. Februar 2026<\/a><a href=\"#\"><i class=\"fa-regular fa-comment\"><\/i>0 Comments <\/a><\/div><h3 class=\"box-title\"><a href=\"https:\/\/koellnadvogada.com\/de\/alemanha-acelera-integracao-de-profissionais-estrangeiros\/\">Deutschland beschleunigt Integration ausl\u00e4ndischer Fachkr\u00e4fte<\/a><\/h3><\/div><\/div><\/div><\/div><\/div><\/div>\t\t\t\t<\/div>\n\t\t\t\t<\/div>\n\t\t\t\t\t<\/div>\n\t\t\t\t<\/div>\n\t\t\t\t<\/div>","protected":false},"excerpt":{"rendered":"<p>ADVOCACIA \u2022 ASOCIADOS \u2022 Sobre N\u00f3s Um Legado de Excel\u00eancia Jur\u00eddica O Escrit\u00f3rio Koelln \u00e9 uma advocacia com atua\u00e7\u00e3o internacional, liderado por uma advogada brasileira e sediado em Munique, especializada em demandas jur\u00eddicas que envolvem Alemanha, Brasil e Portugal. Atuamos de forma personalizada e estrat\u00e9gica, oferecendo assessoria jur\u00eddica clara, segura e eficiente a clientes que&#8230;<\/p>","protected":false},"author":1,"featured_media":0,"parent":0,"menu_order":0,"comment_status":"closed","ping_status":"closed","template":"template-builder.php","meta":{"footnotes":""},"class_list":["post-51","page","type-page","status-publish","hentry","th-blog blog-single has-post-thumbnail"],"_links":{"self":[{"href":"https:\/\/koellnadvogada.com\/de\/wp-json\/wp\/v2\/pages\/51","targetHints":{"allow":["GET"]}}],"collection":[{"href":"https:\/\/koellnadvogada.com\/de\/wp-json\/wp\/v2\/pages"}],"about":[{"href":"https:\/\/koellnadvogada.com\/de\/wp-json\/wp\/v2\/types\/page"}],"author":[{"embeddable":true,"href":"https:\/\/koellnadvogada.com\/de\/wp-json\/wp\/v2\/users\/1"}],"replies":[{"embeddable":true,"href":"https:\/\/koellnadvogada.com\/de\/wp-json\/wp\/v2\/comments?post=51"}],"version-history":[{"count":103,"href":"https:\/\/koellnadvogada.com\/de\/wp-json\/wp\/v2\/pages\/51\/revisions"}],"predecessor-version":[{"id":7697,"href":"https:\/\/koellnadvogada.com\/de\/wp-json\/wp\/v2\/pages\/51\/revisions\/7697"}],"wp:attachment":[{"href":"https:\/\/koellnadvogada.com\/de\/wp-json\/wp\/v2\/media?parent=51"}],"curies":[{"name":"wp","href":"https:\/\/api.w.org\/{rel}","templated":true}]}}